{"id":316,"date":"2022-12-30T10:01:37","date_gmt":"2022-12-30T09:01:37","guid":{"rendered":"https:\/\/vermessung-offenbach.de\/web\/?page_id=316"},"modified":"2026-02-08T17:07:08","modified_gmt":"2026-02-08T16:07:08","slug":"aktuelles","status":"publish","type":"page","link":"https:\/\/vermessung-offenbach.de\/web\/aktuelles\/","title":{"rendered":"AKTUELLES"},"content":{"rendered":"\n<div id=\"section-g289e48\" class=\"wp-block-gutentor-e6 section-g289e48 gutentor-element gutentor-element-image\"><div class=\"gutentor-element-image-box\"><div class=\"gutentor-bg-image\"><\/div><\/div><\/div>\n\n\n\n<section id=\"gmf9e7e0e\" class=\"wp-block-gutentor-m4 section-gmf9e7e0e gutentor-module gutentor-advanced-columns has-image-bg has-custom-bg\"><div class=\"grid-container\"><div class=\"grid-row\">\n<div id=\"col-gm2f06f6\" class=\"wp-block-gutentor-m4-col col-gm2f06f6 gutentor-single-column  grid-lg-12 grid-md-12 grid-12\"><div id=\"section-gm2f06f6\" class=\"section-gm2f06f6 gutentor-col-wrap\">\n<div id=\"section-ge08d96\" class=\"wp-block-gutentor-e1 section-ge08d96 gutentor-element gutentor-element-advanced-text\"><div class=\"gutentor-text-wrap\"><h2 class=\"gutentor-text\">AKTUELLES<\/h2><\/div><\/div>\n<\/div><\/div>\n<\/div><\/div><\/section>\n\n\n\n<section id=\"g-tb7eg7n\" class=\"wp-block-gutentor-m4 section-g-tb7eg7n gutentor-module gutentor-advanced-columns\"><div class=\"grid-container\"><div class=\"grid-row\">\n<div id=\"col-g-777opkx\" class=\"wp-block-gutentor-m4-col col-g-777opkx gutentor-single-column  grid-lg-4 grid-md-12 grid-12\"><div id=\"section-g-777opkx\" class=\"section-g-777opkx gutentor-col-wrap\">\n<div id=\"section-g-7c7n977\" class=\"wp-block-gutentor-e6 section-g-7c7n977 gutentor-element gutentor-element-image\"><div class=\"gutentor-element-image-box\"><div class=\"gutentor-image-thumb\"><img decoding=\"async\" class=\"normal-image\" src=\"https:\/\/vermessung-offenbach.de\/web\/wp-content\/uploads\/2026\/02\/26-02-06_EOS-R5_MR_S-0005-scaled.jpg\" \/><\/div><\/div><\/div>\n<\/div><\/div>\n\n\n\n<div id=\"col-g-ee6ogef\" class=\"wp-block-gutentor-m4-col col-g-ee6ogef gutentor-single-column  grid-lg-4 grid-md-12 grid-12\"><div id=\"section-g-ee6ogef\" class=\"section-g-ee6ogef gutentor-col-wrap\">\n<div id=\"section-g-00a7ilm\" class=\"wp-block-gutentor-e6 section-g-00a7ilm gutentor-element gutentor-element-image\"><div class=\"gutentor-element-image-box\"><div class=\"gutentor-image-thumb\"><img decoding=\"async\" class=\"normal-image\" src=\"https:\/\/vermessung-offenbach.de\/web\/wp-content\/uploads\/2026\/02\/26-02-06_EOS-R5_MR_S-0006-scaled.jpg\" \/><\/div><\/div><\/div>\n<\/div><\/div>\n\n\n\n<div id=\"col-g-3yeh844\" class=\"wp-block-gutentor-m4-col col-g-3yeh844 gutentor-single-column  grid-lg-4 grid-md-12 grid-12\"><div id=\"section-g-3yeh844\" class=\"section-g-3yeh844 gutentor-col-wrap\">\n<div id=\"section-g-m16emei\" class=\"wp-block-gutentor-e1 section-g-m16emei gutentor-element gutentor-element-advanced-text\"><div class=\"gutentor-text-wrap\"><p class=\"gutentor-text\">Gemeinsamer portugiesischer<br>Abend im <strong>Restaurant Cavalo Negro<\/strong> in Dietzenbach zum Start in das Jahr 2026.<\/p><\/div><\/div>\n<\/div><\/div>\n<\/div><\/div><\/section>\n\n\n\n<section id=\"g-c4hjris\" class=\"wp-block-gutentor-m4 section-g-c4hjris gutentor-module gutentor-advanced-columns\"><div class=\"grid-container\"><div class=\"grid-row\">\n<div id=\"col-g-a6grr6f\" class=\"wp-block-gutentor-m4-col col-g-a6grr6f gutentor-single-column  grid-lg-4 grid-md-12 grid-12\"><div id=\"section-g-a6grr6f\" class=\"section-g-a6grr6f gutentor-col-wrap\">\n<div id=\"section-g-fjatyaj\" class=\"wp-block-gutentor-e6 section-g-fjatyaj gutentor-element gutentor-element-image\"><div class=\"gutentor-element-image-box\"><div class=\"gutentor-image-thumb\"><img decoding=\"async\" class=\"normal-image\" src=\"https:\/\/vermessung-offenbach.de\/web\/wp-content\/uploads\/2019\/10\/skyscrapers-2612766_1920.jpg\" \/><\/div><\/div><\/div>\n<\/div><\/div>\n\n\n\n<div id=\"col-g-woam7q0\" class=\"wp-block-gutentor-m4-col col-g-woam7q0 gutentor-single-column  grid-lg-4 grid-md-12 grid-12\"><div id=\"section-g-woam7q0\" class=\"section-g-woam7q0 gutentor-col-wrap\">\n<div id=\"section-g-6ll6fbm\" class=\"wp-block-gutentor-e6 section-g-6ll6fbm gutentor-element gutentor-element-image\"><div class=\"gutentor-element-image-box\"><div class=\"gutentor-image-thumb\"><img decoding=\"async\" class=\"normal-image\" src=\"https:\/\/vermessung-offenbach.de\/web\/wp-content\/uploads\/2025\/10\/25-10-08_EOS-R5_MR_S-0001.jpg\" \/><\/div><\/div><\/div>\n<\/div><\/div>\n\n\n\n<div id=\"col-g-13stsst\" class=\"wp-block-gutentor-m4-col col-g-13stsst gutentor-single-column  grid-lg-4 grid-md-12 grid-12\"><div id=\"section-g-13stsst\" class=\"section-g-13stsst gutentor-col-wrap\">\n<div id=\"section-g-qu17sjx\" class=\"wp-block-gutentor-e1 section-g-qu17sjx gutentor-element gutentor-element-advanced-text\"><div class=\"gutentor-text-wrap\"><p class=\"gutentor-text\"><strong>INTERGEO 2025 &#8211; Frankfurt:<\/strong><br>Gemeinsamer Besuch auf der Intergeo in Frankfurt &#8211; Neues entdecken, Anregungen erhalten, Kontakte pflegen und mehr&#8230;<\/p><\/div><\/div>\n<\/div><\/div>\n<\/div><\/div><\/section>\n\n\n\n<section id=\"gm3b4bfaa\" class=\"wp-block-gutentor-m4 section-gm3b4bfaa gutentor-module gutentor-advanced-columns\"><div class=\"grid-container\"><div class=\"grid-row\">\n<div id=\"col-gm105db2\" class=\"wp-block-gutentor-m4-col col-gm105db2 gutentor-single-column  grid-lg-4 grid-md-12 grid-12\"><div id=\"section-gm105db2\" class=\"section-gm105db2 gutentor-col-wrap\">\n<div id=\"section-gfc6b27\" class=\"wp-block-gutentor-e6 section-gfc6b27 gutentor-element gutentor-element-image\"><div class=\"gutentor-element-image-box\"><div class=\"gutentor-image-thumb\"><img decoding=\"async\" class=\"normal-image\" src=\"https:\/\/vermessung-offenbach.de\/web\/wp-content\/uploads\/2024\/12\/2024-12-Weihnachtsbaum.jpg\" \/><\/div><\/div><\/div>\n<\/div><\/div>\n\n\n\n<div id=\"col-gm5ec45d\" class=\"wp-block-gutentor-m4-col col-gm5ec45d gutentor-single-column  grid-lg-4 grid-md-12 grid-12\"><div id=\"section-gm5ec45d\" class=\"section-gm5ec45d gutentor-col-wrap\">\n<div id=\"section-gf0da7f\" class=\"wp-block-gutentor-e6 section-gf0da7f gutentor-element gutentor-element-image\"><div class=\"gutentor-element-image-box\"><div class=\"gutentor-image-thumb\"><img decoding=\"async\" class=\"normal-image\" src=\"https:\/\/vermessung-offenbach.de\/web\/wp-content\/uploads\/2024\/12\/2024-12-Essen1.jpg\" \/><\/div><\/div><\/div>\n<\/div><\/div>\n\n\n\n<div id=\"col-gmff9b53\" class=\"wp-block-gutentor-m4-col col-gmff9b53 gutentor-single-column  grid-lg-4 grid-md-12 grid-12\"><div id=\"section-gmff9b53\" class=\"section-gmff9b53 gutentor-col-wrap\">\n<div id=\"section-g64713a\" class=\"wp-block-gutentor-e1 section-g64713a gutentor-element gutentor-element-advanced-text\"><div class=\"gutentor-text-wrap\"><p class=\"gutentor-text\"><strong>Es weihnachtet sehr:<\/strong><br>Die weihnachtliche Stimmung und das gemeinsame Weihnachtsessen <\/p><\/div><\/div>\n\n\n\n<figure class=\"wp-block-image size-large\"><img loading=\"lazy\" decoding=\"async\" width=\"1024\" height=\"451\" src=\"https:\/\/vermessung-offenbach.de\/web\/wp-content\/uploads\/2024\/12\/2024-12-Essen4-1-1024x451.jpg\" alt=\"\" class=\"wp-image-562\" srcset=\"https:\/\/vermessung-offenbach.de\/web\/wp-content\/uploads\/2024\/12\/2024-12-Essen4-1-1024x451.jpg 1024w, https:\/\/vermessung-offenbach.de\/web\/wp-content\/uploads\/2024\/12\/2024-12-Essen4-1-300x132.jpg 300w, https:\/\/vermessung-offenbach.de\/web\/wp-content\/uploads\/2024\/12\/2024-12-Essen4-1-768x338.jpg 768w, https:\/\/vermessung-offenbach.de\/web\/wp-content\/uploads\/2024\/12\/2024-12-Essen4-1-1536x677.jpg 1536w, https:\/\/vermessung-offenbach.de\/web\/wp-content\/uploads\/2024\/12\/2024-12-Essen4-1.jpg 2047w\" sizes=\"auto, (max-width: 1024px) 100vw, 1024px\" \/><\/figure>\n\n\n\n<p>deuten auf das nahende Jahresende 2024 hin.<\/p>\n\n\n\n<p>Vom <strong>21.12.2024<\/strong> bis zum <strong>05.01.2025<\/strong> begeben wir uns in den Winterschlaf (Betriebsferien) und sind ab dem <strong>06.01.2025<\/strong> wieder wie gewohnt f\u00fcr alle Kunden da.<\/p>\n<\/div><\/div>\n<\/div><\/div><\/section>\n\n\n\n<section id=\"g-w9j6ovt\" class=\"wp-block-gutentor-m4 section-g-w9j6ovt gutentor-module gutentor-advanced-columns\"><div class=\"grid-container\"><div class=\"grid-row\">\n<div id=\"col-g-uquooul\" class=\"wp-block-gutentor-m4-col col-g-uquooul gutentor-single-column  grid-lg-4 grid-md-12 grid-12\"><div id=\"section-g-uquooul\" class=\"section-g-uquooul gutentor-col-wrap\">\n<div id=\"section-g-etxxecg\" class=\"wp-block-gutentor-e6 section-g-etxxecg gutentor-element gutentor-element-image\"><div class=\"gutentor-element-image-box\"><div class=\"gutentor-image-thumb\"><img decoding=\"async\" class=\"normal-image\" src=\"https:\/\/vermessung-offenbach.de\/web\/wp-content\/uploads\/2024\/10\/24-09-25_EOS-R5_MR_DJK-0001.jpg\" \/><\/div><\/div><\/div>\n<\/div><\/div>\n\n\n\n<div id=\"col-g-00moymo\" class=\"wp-block-gutentor-m4-col col-g-00moymo gutentor-single-column  grid-lg-4 grid-md-12 grid-12\"><div id=\"section-g-00moymo\" class=\"section-g-00moymo gutentor-col-wrap\">\n<div id=\"section-g-vgil1cw\" class=\"wp-block-gutentor-e6 section-g-vgil1cw gutentor-element gutentor-element-image\"><div class=\"gutentor-element-image-box\"><div class=\"gutentor-image-thumb\"><img decoding=\"async\" class=\"normal-image\" src=\"https:\/\/vermessung-offenbach.de\/web\/wp-content\/uploads\/2024\/10\/MaFoto-Ljuboja-D.-2024-10-31_EOS-R5-MR_0017-scaled.jpg\" \/><\/div><\/div><\/div>\n<\/div><\/div>\n\n\n\n<div id=\"col-g-sdsuses\" class=\"wp-block-gutentor-m4-col col-g-sdsuses gutentor-single-column  grid-lg-4 grid-md-12 grid-12\"><div id=\"section-g-sdsuses\" class=\"section-g-sdsuses gutentor-col-wrap\">\n<div id=\"section-g-koykwii\" class=\"wp-block-gutentor-e1 section-g-koykwii gutentor-element gutentor-element-advanced-text\"><div class=\"gutentor-text-wrap\"><p class=\"gutentor-text\"><strong>Teamwechsel:<\/strong><br>Verabschiedung unseres langj\u00e4hrigen Mitarbeiters <strong>Matthias Ebermann<\/strong> (links) &#8211; Vielen Dank f\u00fcr die treuen Dienste in all den Jahren und die Leckereien zum Abschied!<br><br>Begr\u00fc\u00dfung unserer neuen Mitarbeiterin <strong>Dara Ljuboja<\/strong> (rechts) &#8211; Herzlich Willkommen!<\/p><\/div><\/div>\n<\/div><\/div>\n<\/div><\/div><\/section>\n\n\n\n<section id=\"g-eeeea6e\" class=\"wp-block-gutentor-m4 section-g-eeeea6e gutentor-module gutentor-advanced-columns\"><div class=\"grid-container\"><div class=\"grid-row\">\n<div id=\"col-g-qzdddbd\" class=\"wp-block-gutentor-m4-col col-g-qzdddbd gutentor-single-column  grid-lg-4 grid-md-12 grid-12\"><div id=\"section-g-qzdddbd\" class=\"section-g-qzdddbd gutentor-col-wrap\">\n<div id=\"section-g-kk71tt1\" class=\"wp-block-gutentor-e6 section-g-kk71tt1 gutentor-element gutentor-element-image\"><div class=\"gutentor-element-image-box\"><div class=\"gutentor-image-thumb\"><img decoding=\"async\" class=\"normal-image\" src=\"https:\/\/vermessung-offenbach.de\/web\/wp-content\/uploads\/2024\/02\/24-02-29_EOS-R5_MR_3S-0001-scaled.jpg\" \/><\/div><\/div><\/div>\n<\/div><\/div>\n\n\n\n<div id=\"col-g-szgnsrg\" class=\"wp-block-gutentor-m4-col col-g-szgnsrg gutentor-single-column  grid-lg-4 grid-md-12 grid-12\"><div id=\"section-g-szgnsrg\" class=\"section-g-szgnsrg gutentor-col-wrap\">\n<div id=\"section-g-lee4zqe\" class=\"wp-block-gutentor-e6 section-g-lee4zqe gutentor-element gutentor-element-image\"><div class=\"gutentor-element-image-box\"><div class=\"gutentor-image-thumb\"><img decoding=\"async\" class=\"normal-image\" src=\"https:\/\/vermessung-offenbach.de\/web\/wp-content\/uploads\/2024\/02\/24-02-29_EOS-R5_MR_3S-0002-scaled.jpg\" \/><\/div><\/div><\/div>\n<\/div><\/div>\n\n\n\n<div id=\"col-g-skeodoz\" class=\"wp-block-gutentor-m4-col col-g-skeodoz gutentor-single-column  grid-lg-4 grid-md-12 grid-12\"><div id=\"section-g-skeodoz\" class=\"section-g-skeodoz gutentor-col-wrap\">\n<div id=\"section-g-ab1100l\" class=\"wp-block-gutentor-e1 section-g-ab1100l gutentor-element gutentor-element-advanced-text\"><div class=\"gutentor-text-wrap\"><p class=\"gutentor-text\"><strong>Fahrzeugbeschriftung:<\/strong><br>Nach Umfirmierung und Umzug erstrahlen auch unsere Fahrzeuge jetzt in einem neuen Look!<\/p><\/div><\/div>\n<\/div><\/div>\n<\/div><\/div><\/section>\n\n\n\n<section id=\"gm51c6003\" class=\"wp-block-gutentor-m4 section-gm51c6003 gutentor-module gutentor-advanced-columns\"><div class=\"grid-container\"><div class=\"grid-row\">\n<div id=\"col-gm573a5b\" class=\"wp-block-gutentor-m4-col col-gm573a5b gutentor-single-column  grid-lg-4 grid-md-12 grid-12\"><div id=\"section-gm573a5b\" class=\"section-gm573a5b gutentor-col-wrap\">\n<div id=\"section-g267347\" class=\"wp-block-gutentor-e6 section-g267347 gutentor-element gutentor-element-image\"><div class=\"gutentor-element-image-box\"><div class=\"gutentor-image-thumb\"><img decoding=\"async\" class=\"normal-image\" src=\"https:\/\/vermessung-offenbach.de\/web\/wp-content\/uploads\/2024\/02\/bild1.jpg\" \/><\/div><\/div><\/div>\n<\/div><\/div>\n\n\n\n<div id=\"col-gm1b8d0f\" class=\"wp-block-gutentor-m4-col col-gm1b8d0f gutentor-single-column  grid-lg-4 grid-md-12 grid-12\"><div id=\"section-gm1b8d0f\" class=\"section-gm1b8d0f gutentor-col-wrap\">\n<div id=\"section-g4d9ea7\" class=\"wp-block-gutentor-e6 section-g4d9ea7 gutentor-element gutentor-element-image\"><div class=\"gutentor-element-image-box\"><div class=\"gutentor-image-thumb\"><img decoding=\"async\" class=\"normal-image\" src=\"https:\/\/vermessung-offenbach.de\/web\/wp-content\/uploads\/2024\/02\/bild2.jpg\" \/><\/div><\/div><\/div>\n<\/div><\/div>\n\n\n\n<div id=\"col-gm70a09f\" class=\"wp-block-gutentor-m4-col col-gm70a09f gutentor-single-column  grid-lg-4 grid-md-12 grid-12\"><div id=\"section-gm70a09f\" class=\"section-gm70a09f gutentor-col-wrap\">\n<div id=\"section-ga6ff60\" class=\"wp-block-gutentor-e1 section-ga6ff60 gutentor-element gutentor-element-advanced-text\"><div class=\"gutentor-text-wrap\"><p class=\"gutentor-text\"><strong>Firmenjubil\u00e4en:<\/strong><br>Treue Mitarbeiter sind Gold wert! Zu ihren Jubil\u00e4en gratulieren wir ganz herzlich und hoffen auf zahlreiche weitere gemeinsame Jahre.<br><br>Erika Maleska &#8211; 30 Jahre<br>Damir Skvorc &#8211; 10 Jahre<br>Jose Novais &#8211; 30 Jahre<\/p><\/div><\/div>\n<\/div><\/div>\n<\/div><\/div><\/section>\n\n\n\n<section id=\"gmf8aebaa\" class=\"wp-block-gutentor-m4 section-gmf8aebaa gutentor-module gutentor-advanced-columns\"><div class=\"grid-container\"><div class=\"grid-row\">\n<div id=\"col-gm705dab\" class=\"wp-block-gutentor-m4-col col-gm705dab gutentor-single-column  grid-lg-12 grid-md-12 grid-12\"><div id=\"section-gm705dab\" class=\"section-gm705dab gutentor-col-wrap\"><\/div><\/div>\n<\/div><\/div><\/section>\n","protected":false},"excerpt":{"rendered":"","protected":false},"author":1,"featured_media":0,"parent":0,"menu_order":0,"comment_status":"closed","ping_status":"closed","template":"template-gutentor-full-width.php","meta":{"footnotes":""},"class_list":["post-316","page","type-page","status-publish","hentry"],"_links":{"self":[{"href":"https:\/\/vermessung-offenbach.de\/web\/wp-json\/wp\/v2\/pages\/316","targetHints":{"allow":["GET"]}}],"collection":[{"href":"https:\/\/vermessung-offenbach.de\/web\/wp-json\/wp\/v2\/pages"}],"about":[{"href":"https:\/\/vermessung-offenbach.de\/web\/wp-json\/wp\/v2\/types\/page"}],"author":[{"embeddable":true,"href":"https:\/\/vermessung-offenbach.de\/web\/wp-json\/wp\/v2\/users\/1"}],"replies":[{"embeddable":true,"href":"https:\/\/vermessung-offenbach.de\/web\/wp-json\/wp\/v2\/comments?post=316"}],"version-history":[{"count":38,"href":"https:\/\/vermessung-offenbach.de\/web\/wp-json\/wp\/v2\/pages\/316\/revisions"}],"predecessor-version":[{"id":630,"href":"https:\/\/vermessung-offenbach.de\/web\/wp-json\/wp\/v2\/pages\/316\/revisions\/630"}],"wp:attachment":[{"href":"https:\/\/vermessung-offenbach.de\/web\/wp-json\/wp\/v2\/media?parent=316"}],"curies":[{"name":"wp","href":"https:\/\/api.w.org\/{rel}","templated":true}]}}